{"id":2190,"date":"2024-02-28T10:19:10","date_gmt":"2024-02-28T09:19:10","guid":{"rendered":"https:\/\/www.kalmarkonstmuseum.se\/designarkivet\/?page_id=2190"},"modified":"2024-02-28T10:19:10","modified_gmt":"2024-02-28T09:19:10","slug":"stod-var-verksamhet","status":"publish","type":"page","link":"https:\/\/www.kalmarkonstmuseum.se\/designarkivet\/om-oss\/stod-var-verksamhet\/","title":{"rendered":"St\u00f6d v\u00e5r verksamhet"},"content":{"rendered":"<p>Tycker du att Designarkivet g\u00f6r ett viktigt arbete? Det finns flera s\u00e4tt att st\u00f6tta v\u00e5r verksamhet!<\/p>\n<h4>BLI MEDLEM<\/h4>\n<p>Designarkivet \u00e4r en del av Kalmar konstf\u00f6rening \u2013 den ideella f\u00f6reningen som driver b\u00e5de samtidskonstmuseum och nationellt arkiv f\u00f6r form och design i Sverige! I ett ordinarie medlemskap ing\u00e5r fri entr\u00e9 till Kalmar konstmuseums och Designarkivets utst\u00e4llningar och m\u00e5nga andra fina f\u00f6rm\u00e5ner. L\u00e4s mer om <a href=\"https:\/\/www.kalmarkonstmuseum.se\/medlem\/\">Kalmar konstf\u00f6renings olika medlemskap.<\/a><\/p>\n<h4>EKONOMISKA G\u00c5VOR<\/h4>\n<p>Lika glada blir vi \u00f6ver ekonomiska g\u00e5vor, n\u00e5got som omedelbart kommer till stor nytta. Du kan v\u00e4lja att vara anonym genom att f\u00f6ra \u00f6ver din g\u00e5va p\u00e5 v\u00e5rt bankgiro 756\u20135831. F\u00f6r att g\u00e5van ska hamna r\u00e4tt, m\u00e4rk din ins\u00e4ttning med \u201dDesignarkivet\u201d. Vill du \u00f6ronm\u00e4rka din g\u00e5va till ett specifikt \u00e4ndam\u00e5l? <a href=\"https:\/\/www.kalmarkonstmuseum.se\/designarkivet\/om-oss\/kontakta-oss\/\">Kontakta oss!<\/a><\/p>\n<p><a href=\"https:\/\/www.kalmarkonstmuseum.se\/designarkivet\/donera\"> \u00c4r du, eller n\u00e5gon du f\u00f6retr\u00e4der, verksam inom form och design i Sverige och vill donera till v\u00e5r samling? L\u00e4s h\u00e4r &gt; &gt;<\/a><\/p>\n<h4>F\u00d6LJ &amp; BES\u00d6K OSS<\/h4>\n<p>Bes\u00f6k v\u00e5ra utst\u00e4llningar, delta i v\u00e5ra programpunkter, f\u00f6lj oss i sociala medier p\u00e5 <a href=\"https:\/\/www.facebook.com\/designarkivet\">Facebook <\/a>och <a href=\"https:\/\/www.instagram.com\/designarkivet\">Instagram<\/a> f\u00f6r senaste nytt och ber\u00e4tta f\u00f6r era v\u00e4nner om oss. D\u00e5 st\u00f6ttar du inte bara oss p\u00e5 Designarkivet utan bidrar ocks\u00e5 till att v\u00e5r samling blir mer tillg\u00e4nglig f\u00f6r fler!<\/p>\n","protected":false},"excerpt":{"rendered":"<p>Tycker du att Designarkivet g\u00f6r ett viktigt arbete? Det finns flera s\u00e4tt att st\u00f6tta v\u00e5r verksamhet!<\/p>\n","protected":false},"author":66,"featured_media":2195,"parent":20,"menu_order":0,"comment_status":"closed","ping_status":"closed","template":"page-tpl-fullwidth.php","meta":{"_exactmetrics_skip_tracking":false,"_exactmetrics_sitenote_active":false,"_exactmetrics_sitenote_note":"","_exactmetrics_sitenote_category":0,"footnotes":""},"class_list":["post-2190","page","type-page","status-publish","has-post-thumbnail","hentry"],"_links":{"self":[{"href":"https:\/\/www.kalmarkonstmuseum.se\/designarkivet\/wp-json\/wp\/v2\/pages\/2190","targetHints":{"allow":["GET"]}}],"collection":[{"href":"https:\/\/www.kalmarkonstmuseum.se\/designarkivet\/wp-json\/wp\/v2\/pages"}],"about":[{"href":"https:\/\/www.kalmarkonstmuseum.se\/designarkivet\/wp-json\/wp\/v2\/types\/page"}],"author":[{"embeddable":true,"href":"https:\/\/www.kalmarkonstmuseum.se\/designarkivet\/wp-json\/wp\/v2\/users\/66"}],"replies":[{"embeddable":true,"href":"https:\/\/www.kalmarkonstmuseum.se\/designarkivet\/wp-json\/wp\/v2\/comments?post=2190"}],"version-history":[{"count":1,"href":"https:\/\/www.kalmarkonstmuseum.se\/designarkivet\/wp-json\/wp\/v2\/pages\/2190\/revisions"}],"predecessor-version":[{"id":2192,"href":"https:\/\/www.kalmarkonstmuseum.se\/designarkivet\/wp-json\/wp\/v2\/pages\/2190\/revisions\/2192"}],"up":[{"embeddable":true,"href":"https:\/\/www.kalmarkonstmuseum.se\/designarkivet\/wp-json\/wp\/v2\/pages\/20"}],"wp:featuredmedia":[{"embeddable":true,"href":"https:\/\/www.kalmarkonstmuseum.se\/designarkivet\/wp-json\/wp\/v2\/media\/2195"}],"wp:attachment":[{"href":"https:\/\/www.kalmarkonstmuseum.se\/designarkivet\/wp-json\/wp\/v2\/media?parent=2190"}],"curies":[{"name":"wp","href":"https:\/\/api.w.org\/{rel}","templated":true}]}}