{"id":2435,"date":"2025-03-13T14:30:06","date_gmt":"2025-03-13T13:30:06","guid":{"rendered":"https:\/\/www.kalmarkonstmuseum.se\/designarkivet\/?page_id=2435"},"modified":"2025-09-19T15:51:48","modified_gmt":"2025-09-19T13:51:48","slug":"en-lyckligare-mansklighet","status":"publish","type":"page","link":"https:\/\/www.kalmarkonstmuseum.se\/designarkivet\/en-lyckligare-mansklighet\/","title":{"rendered":"Aktuell utst\u00e4llning"},"content":{"rendered":"<h4><em>25 juni \u2013 28 september 2025<br \/>\n<\/em>Designarkivet, NYBRO<\/h4>\n<p><a href=\"https:\/\/maps.app.goo.gl\/iNorxtjCASMHwKzDA\">Hitta hit<\/a><\/p>\n<p><a href=\"https:\/\/www.kalmarkonstmuseum.se\/designarkivet\/vernissage-en-lyckligare-mansklighet\/\">Vernissage 25 juni kl. 17:00<\/a><br \/>\n<em><br \/>\n\u00d6PPETTIDER T.O.M 28 SEPTEMBER<br \/>\n<\/em><em>Onsdag\u2013s\u00f6ndag, kl.11\u201315<\/em><\/p>\n<p>I utst\u00e4llningen <em>En lyckligare m\u00e4nsklighet<\/em> ber\u00e4ttar Designarkivet om hur Kooperativa f\u00f6rbundet gav ny form \u00e5t Sverige. Det \u00e4r en omv\u00e4lvande historia om hur landets fr\u00e4msta formgivare skapade prisbel\u00f6nta designklassiker, folkk\u00e4ra vardagsvaror och antikommersiella stors\u00e4ljare.<\/p>\n<p>Kooperativa f\u00f6rbundet \u00e4r en av det moderna Sveriges definierande r\u00f6relser. Vad som b\u00f6rjade med livsmedelshandel och en l\u00e4ngtan efter r\u00e4ttvis konsumtion 1899 v\u00e4xte till en koncernj\u00e4tte som bland annat omfattade matproducenter, lampfabriker, fastighetsbolag, bensinmackar, resebyr\u00e5er, m\u00f6belverkst\u00e4der, bokf\u00f6rlag, textilindustrier och tidningshus. 1975 var KF det st\u00f6rsta f\u00f6retaget i Norden, men m\u00e5let f\u00f6r verksamheten var aldrig tillv\u00e4xt eller avkastning. Det var att skapa \u201den lyckligare m\u00e4nsklighet\u201d.<\/p>\n<p>De radikala id\u00e9erna i den kooperativa r\u00f6relsen attraherade m\u00e5nga av landets fr\u00e4msta formgivare. \u00c4ven om KF inte l\u00e4ngre \u00e4r en gigant idag \u2013 n\u00e4stan alla koncernens bolag har s\u00e5lts och de kvarvarande Coop-butikerna k\u00e4mpar med l\u00f6nsamheten \u2013 lever designen kvar och ger perspektiv ocks\u00e5 p\u00e5 v\u00e5r tids utmaningar.<\/p>\n<p>I utst\u00e4llningen m\u00f6ter du Domusvaruhusen, Gustavsbergsporslinet, Bl\u00e5vitt-paketen, basgarderoben och de f\u00f6rest\u00e4llningar om rationalitet och samh\u00e4llsnytta som formade dem. Men utst\u00e4llningen visar att den kooperativa r\u00f6relsen ocks\u00e5 gav utrymme \u00e5t det personliga och egensinniga. Designarkivets omfattande skissmaterial ger unika inblickar i skapandeprocesserna hos n\u00e5gra av kooperationens mest intressanta formgivare, som Stig Lindberg, Ulla Ericson-\u00c5str\u00f6m, Carl Johan De Geer, Sven-Eric Juhlin, Milie McNaughton och Britt-Louise Sundell-Nemes.<\/p>\n<div id=\"attachment_2443\" style=\"width: 1930px\" class=\"wp-caption alignnone\"><a href=\"https:\/\/www.kalmarkonstmuseum.se\/designarkivet\/wp-content\/uploads\/sites\/4\/2025\/03\/montage-elm-20252.jpg\"><img loading=\"lazy\" decoding=\"async\" aria-describedby=\"caption-attachment-2443\" class=\"wp-image-2443 size-full\" src=\"https:\/\/www.kalmarkonstmuseum.se\/designarkivet\/wp-content\/uploads\/sites\/4\/2025\/03\/montage-elm-20252.jpg\" alt=\"\" width=\"1920\" height=\"1080\" srcset=\"https:\/\/www.kalmarkonstmuseum.se\/designarkivet\/wp-content\/uploads\/sites\/4\/2025\/03\/montage-elm-20252.jpg 1920w, https:\/\/www.kalmarkonstmuseum.se\/designarkivet\/wp-content\/uploads\/sites\/4\/2025\/03\/montage-elm-20252-300x169.jpg 300w, https:\/\/www.kalmarkonstmuseum.se\/designarkivet\/wp-content\/uploads\/sites\/4\/2025\/03\/montage-elm-20252-1024x576.jpg 1024w, https:\/\/www.kalmarkonstmuseum.se\/designarkivet\/wp-content\/uploads\/sites\/4\/2025\/03\/montage-elm-20252-768x432.jpg 768w, https:\/\/www.kalmarkonstmuseum.se\/designarkivet\/wp-content\/uploads\/sites\/4\/2025\/03\/montage-elm-20252-1536x864.jpg 1536w\" sizes=\"auto, (max-width: 1920px) 100vw, 1920px\" \/><\/a><p id=\"caption-attachment-2443\" class=\"wp-caption-text\">Montage, fr\u00e5n v\u00e4nster: butikskorg, Sven-Eric Juhlin vid Gustavsbergs fabriker f\u00f6r KF, 1968; <i>\u00c4lgen<\/i>, Carl Johan De Geer f\u00f6r KF interi\u00f6r, 1970; skiss till personalkl\u00e4der, Milie McNaughton f\u00f6r KF, 1975.<\/p><\/div>\n<div id=\"attachment_2444\" style=\"width: 1210px\" class=\"wp-caption aligncenter\"><a href=\"https:\/\/www.kalmarkonstmuseum.se\/designarkivet\/wp-content\/uploads\/sites\/4\/2025\/03\/varukorg_frilagd_mailchimp.jpg\"><img loading=\"lazy\" decoding=\"async\" aria-describedby=\"caption-attachment-2444\" class=\"wp-image-2444 size-full\" src=\"https:\/\/www.kalmarkonstmuseum.se\/designarkivet\/wp-content\/uploads\/sites\/4\/2025\/03\/varukorg_frilagd_mailchimp.jpg\" alt=\"\" width=\"1200\" height=\"1192\" srcset=\"https:\/\/www.kalmarkonstmuseum.se\/designarkivet\/wp-content\/uploads\/sites\/4\/2025\/03\/varukorg_frilagd_mailchimp.jpg 1200w, https:\/\/www.kalmarkonstmuseum.se\/designarkivet\/wp-content\/uploads\/sites\/4\/2025\/03\/varukorg_frilagd_mailchimp-300x298.jpg 300w, https:\/\/www.kalmarkonstmuseum.se\/designarkivet\/wp-content\/uploads\/sites\/4\/2025\/03\/varukorg_frilagd_mailchimp-1024x1017.jpg 1024w, https:\/\/www.kalmarkonstmuseum.se\/designarkivet\/wp-content\/uploads\/sites\/4\/2025\/03\/varukorg_frilagd_mailchimp-150x150.jpg 150w, https:\/\/www.kalmarkonstmuseum.se\/designarkivet\/wp-content\/uploads\/sites\/4\/2025\/03\/varukorg_frilagd_mailchimp-768x763.jpg 768w\" sizes=\"auto, (max-width: 1200px) 100vw, 1200px\" \/><\/a><p id=\"caption-attachment-2444\" class=\"wp-caption-text\">Butikskorgen som kom att bli stilbildande formgavs av Sven-Erik Juhlin vid Gustavsbergs fabriker i samarbete med KF:s butiker 1968.<\/p><\/div>\n<p><iframe loading=\"lazy\" title=\"En lyckligare m\u00e4nsklighet \u2013 Kooperativa f\u00f6rbundets designhistoria\" src=\"https:\/\/player.vimeo.com\/video\/1089022346?title=0&amp;byline=0&amp;portrait=0&amp;badge=0&amp;autopause=0&amp;player_id=0&amp;app_id=58479\" width=\"1920\" height=\"1080\" frameborder=\"0\"><\/iframe><\/p>\n","protected":false},"excerpt":{"rendered":"<p>I sommarens utst\u00e4llning ber\u00e4ttar Designarkivet om hur Kooperativa f\u00f6rbundet gav ny form \u00e5t Sverige.<\/p>\n","protected":false},"author":66,"featured_media":2442,"parent":0,"menu_order":0,"comment_status":"closed","ping_status":"closed","template":"","meta":{"_exactmetrics_skip_tracking":false,"_exactmetrics_sitenote_active":false,"_exactmetrics_sitenote_note":"","_exactmetrics_sitenote_category":0,"footnotes":""},"class_list":["post-2435","page","type-page","status-publish","has-post-thumbnail","hentry"],"_links":{"self":[{"href":"https:\/\/www.kalmarkonstmuseum.se\/designarkivet\/wp-json\/wp\/v2\/pages\/2435","targetHints":{"allow":["GET"]}}],"collection":[{"href":"https:\/\/www.kalmarkonstmuseum.se\/designarkivet\/wp-json\/wp\/v2\/pages"}],"about":[{"href":"https:\/\/www.kalmarkonstmuseum.se\/designarkivet\/wp-json\/wp\/v2\/types\/page"}],"author":[{"embeddable":true,"href":"https:\/\/www.kalmarkonstmuseum.se\/designarkivet\/wp-json\/wp\/v2\/users\/66"}],"replies":[{"embeddable":true,"href":"https:\/\/www.kalmarkonstmuseum.se\/designarkivet\/wp-json\/wp\/v2\/comments?post=2435"}],"version-history":[{"count":16,"href":"https:\/\/www.kalmarkonstmuseum.se\/designarkivet\/wp-json\/wp\/v2\/pages\/2435\/revisions"}],"predecessor-version":[{"id":2672,"href":"https:\/\/www.kalmarkonstmuseum.se\/designarkivet\/wp-json\/wp\/v2\/pages\/2435\/revisions\/2672"}],"wp:featuredmedia":[{"embeddable":true,"href":"https:\/\/www.kalmarkonstmuseum.se\/designarkivet\/wp-json\/wp\/v2\/media\/2442"}],"wp:attachment":[{"href":"https:\/\/www.kalmarkonstmuseum.se\/designarkivet\/wp-json\/wp\/v2\/media?parent=2435"}],"curies":[{"name":"wp","href":"https:\/\/api.w.org\/{rel}","templated":true}]}}