{"id":588,"date":"2015-01-22T21:41:30","date_gmt":"2015-01-22T20:41:30","guid":{"rendered":"http:\/\/www.kalmarkonstmuseum.se\/designarkivet\/?page_id=588"},"modified":"2025-03-14T09:57:25","modified_gmt":"2025-03-14T08:57:25","slug":"press","status":"publish","type":"page","link":"https:\/\/www.kalmarkonstmuseum.se\/designarkivet\/om-oss\/press\/","title":{"rendered":"Press"},"content":{"rendered":"<h4>Presskontakt<\/h4>\n<p>Maija Zetterlund<br \/>\nkommunikat\u00f6r<br \/>\n<a href=\"mailto:maija.zetterlund@designarkivet.se\">maija.zetterlund@designarkivet.se<\/a><br \/>\nTel: 079 \u2013 101 48 08<\/p>\n<p>&nbsp;<\/p>\n<hr \/>\n<h4>PressbildeR<\/h4>\n<p>Bilderna \u00e4r fria att anv\u00e4nda om fotografens namn anges och bilderna inte f\u00f6rvanskas. Ladda ner de h\u00f6guppl\u00f6sta bilderna genom att f\u00f6rst klicka p\u00e5 en bild i galleriet och sedan h\u00f6gerklicka p\u00e5 bilden och v\u00e4lj att spara.<\/p>\n<p>&nbsp;<\/p>\n<div id='gallery-1' class='gallery galleryid-588 gallery-columns-3 gallery-size-thumbnail'><figure class='gallery-item'>\n\t\t\t<div class='gallery-icon landscape'>\n\t\t\t\t<a href='https:\/\/www.kalmarkonstmuseum.se\/designarkivet\/?attachment_id=582'><img loading=\"lazy\" decoding=\"async\" width=\"150\" height=\"150\" src=\"https:\/\/www.kalmarkonstmuseum.se\/designarkivet\/wp-content\/uploads\/sites\/4\/2014\/08\/klara_arkivet_p-150x150.jpg\" class=\"attachment-thumbnail size-thumbnail\" alt=\"Interi\u00f6r arkivet\" aria-describedby=\"gallery-1-582\" \/><\/a>\n\t\t\t<\/div>\n\t\t\t\t<figcaption class='wp-caption-text gallery-caption' id='gallery-1-582'>\n\t\t\t\tInteri\u00f6r arkivet\n\t\t\t\t<\/figcaption><\/figure><figure class='gallery-item'>\n\t\t\t<div class='gallery-icon landscape'>\n\t\t\t\t<a href='https:\/\/www.kalmarkonstmuseum.se\/designarkivet\/?attachment_id=581'><img loading=\"lazy\" decoding=\"async\" width=\"150\" height=\"150\" src=\"https:\/\/www.kalmarkonstmuseum.se\/designarkivet\/wp-content\/uploads\/sites\/4\/2014\/08\/arkivet_02_p-150x150.jpg\" class=\"attachment-thumbnail size-thumbnail\" alt=\"Interi\u00f6r arkivet\" aria-describedby=\"gallery-1-581\" \/><\/a>\n\t\t\t<\/div>\n\t\t\t\t<figcaption class='wp-caption-text gallery-caption' id='gallery-1-581'>\n\t\t\t\tInteri\u00f6r arkivet\n\t\t\t\t<\/figcaption><\/figure><figure class='gallery-item'>\n\t\t\t<div class='gallery-icon landscape'>\n\t\t\t\t<a href='https:\/\/www.kalmarkonstmuseum.se\/designarkivet\/?attachment_id=580'><img loading=\"lazy\" decoding=\"async\" width=\"150\" height=\"150\" src=\"https:\/\/www.kalmarkonstmuseum.se\/designarkivet\/wp-content\/uploads\/sites\/4\/2014\/08\/arkivet_03_p-150x150.jpg\" class=\"attachment-thumbnail size-thumbnail\" alt=\"Interi\u00f6r arkivet\" aria-describedby=\"gallery-1-580\" \/><\/a>\n\t\t\t<\/div>\n\t\t\t\t<figcaption class='wp-caption-text gallery-caption' id='gallery-1-580'>\n\t\t\t\tInteri\u00f6r arkivet\n\t\t\t\t<\/figcaption><\/figure><figure class='gallery-item'>\n\t\t\t<div class='gallery-icon landscape'>\n\t\t\t\t<a href='https:\/\/www.kalmarkonstmuseum.se\/designarkivet\/?attachment_id=578'><img loading=\"lazy\" decoding=\"async\" width=\"150\" height=\"150\" src=\"https:\/\/www.kalmarkonstmuseum.se\/designarkivet\/wp-content\/uploads\/sites\/4\/2014\/08\/bibliotek_p-150x150.jpg\" class=\"attachment-thumbnail size-thumbnail\" alt=\"Interi\u00f6r Designarkivet\" aria-describedby=\"gallery-1-578\" \/><\/a>\n\t\t\t<\/div>\n\t\t\t\t<figcaption class='wp-caption-text gallery-caption' id='gallery-1-578'>\n\t\t\t\tInteri\u00f6r Designarkivet\n\t\t\t\t<\/figcaption><\/figure><figure class='gallery-item'>\n\t\t\t<div class='gallery-icon landscape'>\n\t\t\t\t<a href='https:\/\/www.kalmarkonstmuseum.se\/designarkivet\/?attachment_id=456'><img loading=\"lazy\" decoding=\"async\" width=\"150\" height=\"150\" src=\"https:\/\/www.kalmarkonstmuseum.se\/designarkivet\/wp-content\/uploads\/sites\/4\/2014\/08\/IMG_2493_1600-150x150.jpg\" class=\"attachment-thumbnail size-thumbnail\" alt=\"Biblioteket\" aria-describedby=\"gallery-1-456\" \/><\/a>\n\t\t\t<\/div>\n\t\t\t\t<figcaption class='wp-caption-text gallery-caption' id='gallery-1-456'>\n\t\t\t\tFoto: Michelangelo Miskulin\n\t\t\t\t<\/figcaption><\/figure><figure class='gallery-item'>\n\t\t\t<div class='gallery-icon landscape'>\n\t\t\t\t<a href='https:\/\/www.kalmarkonstmuseum.se\/designarkivet\/?attachment_id=447'><img loading=\"lazy\" decoding=\"async\" width=\"150\" height=\"150\" src=\"https:\/\/www.kalmarkonstmuseum.se\/designarkivet\/wp-content\/uploads\/sites\/4\/2014\/08\/IMG_2358_1600-150x150.jpg\" class=\"attachment-thumbnail size-thumbnail\" alt=\"Textilrulllar inslagna i papper\" aria-describedby=\"gallery-1-447\" \/><\/a>\n\t\t\t<\/div>\n\t\t\t\t<figcaption class='wp-caption-text gallery-caption' id='gallery-1-447'>\n\t\t\t\tFoto: Michelangelo Miskulin\n\t\t\t\t<\/figcaption><\/figure><figure class='gallery-item'>\n\t\t\t<div class='gallery-icon landscape'>\n\t\t\t\t<a href='https:\/\/www.kalmarkonstmuseum.se\/designarkivet\/om-oss\/press\/img_3131_1600\/'><img loading=\"lazy\" decoding=\"async\" width=\"150\" height=\"150\" src=\"https:\/\/www.kalmarkonstmuseum.se\/designarkivet\/wp-content\/uploads\/sites\/4\/2015\/01\/IMG_3131_1600-150x150.jpg\" class=\"attachment-thumbnail size-thumbnail\" alt=\"Verktyg Designarkivet\" aria-describedby=\"gallery-1-424\" \/><\/a>\n\t\t\t<\/div>\n\t\t\t\t<figcaption class='wp-caption-text gallery-caption' id='gallery-1-424'>\n\t\t\t\tFoto: Michelangelo Miskulin\n\t\t\t\t<\/figcaption><\/figure><figure class='gallery-item'>\n\t\t\t<div class='gallery-icon landscape'>\n\t\t\t\t<a href='https:\/\/www.kalmarkonstmuseum.se\/designarkivet\/om-oss\/press\/img_2499_1600\/'><img loading=\"lazy\" decoding=\"async\" width=\"150\" height=\"150\" src=\"https:\/\/www.kalmarkonstmuseum.se\/designarkivet\/wp-content\/uploads\/sites\/4\/2015\/01\/IMG_2499_1600-150x150.jpg\" class=\"attachment-thumbnail size-thumbnail\" alt=\"Arbete med samlingen\" aria-describedby=\"gallery-1-415\" \/><\/a>\n\t\t\t<\/div>\n\t\t\t\t<figcaption class='wp-caption-text gallery-caption' id='gallery-1-415'>\n\t\t\t\tFoto: Michelangelo Miskulin\n\t\t\t\t<\/figcaption><\/figure>\n\t\t<\/div>\n\n","protected":false},"excerpt":{"rendered":"<p>Presskontakt Maija Zetterlund kommunikat\u00f6r maija.zetterlund@designarkivet.se Tel: 079 \u2013 101 48 08 &nbsp; PressbildeR Bilderna \u00e4r fria att anv\u00e4nda om fotografens namn anges och bilderna inte f\u00f6rvanskas. Ladda ner de h\u00f6guppl\u00f6sta bilderna genom att f\u00f6rst klicka p\u00e5 en bild i galleriet [&hellip;]<\/p>\n","protected":false},"author":2,"featured_media":0,"parent":20,"menu_order":0,"comment_status":"closed","ping_status":"closed","template":"","meta":{"_exactmetrics_skip_tracking":false,"_exactmetrics_sitenote_active":false,"_exactmetrics_sitenote_note":"","_exactmetrics_sitenote_category":0,"footnotes":""},"class_list":["post-588","page","type-page","status-publish","hentry"],"_links":{"self":[{"href":"https:\/\/www.kalmarkonstmuseum.se\/designarkivet\/wp-json\/wp\/v2\/pages\/588","targetHints":{"allow":["GET"]}}],"collection":[{"href":"https:\/\/www.kalmarkonstmuseum.se\/designarkivet\/wp-json\/wp\/v2\/pages"}],"about":[{"href":"https:\/\/www.kalmarkonstmuseum.se\/designarkivet\/wp-json\/wp\/v2\/types\/page"}],"author":[{"embeddable":true,"href":"https:\/\/www.kalmarkonstmuseum.se\/designarkivet\/wp-json\/wp\/v2\/users\/2"}],"replies":[{"embeddable":true,"href":"https:\/\/www.kalmarkonstmuseum.se\/designarkivet\/wp-json\/wp\/v2\/comments?post=588"}],"version-history":[{"count":7,"href":"https:\/\/www.kalmarkonstmuseum.se\/designarkivet\/wp-json\/wp\/v2\/pages\/588\/revisions"}],"predecessor-version":[{"id":2449,"href":"https:\/\/www.kalmarkonstmuseum.se\/designarkivet\/wp-json\/wp\/v2\/pages\/588\/revisions\/2449"}],"up":[{"embeddable":true,"href":"https:\/\/www.kalmarkonstmuseum.se\/designarkivet\/wp-json\/wp\/v2\/pages\/20"}],"wp:attachment":[{"href":"https:\/\/www.kalmarkonstmuseum.se\/designarkivet\/wp-json\/wp\/v2\/media?parent=588"}],"curies":[{"name":"wp","href":"https:\/\/api.w.org\/{rel}","templated":true}]}}