{"id":61,"date":"2014-09-12T11:37:28","date_gmt":"2014-09-12T09:37:28","guid":{"rendered":"http:\/\/www.kalmarkonstmuseum.se\/designarkivet\/?page_id=61"},"modified":"2022-09-26T10:50:06","modified_gmt":"2022-09-26T08:50:06","slug":"verksamhet","status":"publish","type":"page","link":"https:\/\/www.kalmarkonstmuseum.se\/designarkivet\/om-oss\/verksamhet\/","title":{"rendered":"Verksamhet"},"content":{"rendered":"<p>SAMLA OCH BEVARA Designarkivet arbetar f\u00f6r att samla och bevara material, som ger kunskap om designerns arbetsprocess genom historien. Det \u00e4r en nationell samling d\u00e4r fokus \u00e4r att utveckla samlingen, och utvidga kunskapen. Vilka kriterier ska vara grunden f\u00f6r ett aktivt insamlingsarbete? Hur g\u00f6r vi f\u00f6r att h\u00e5lla samlingen aktuell? Vilket omr\u00e5de beh\u00f6ver f\u00f6rst\u00e4rkas? Vad\u00a0ur samtiden kommer att vara viktigt i framtiden? Vad kan vi ta hand om? Det h\u00e4r \u00e4r fr\u00e5gor som vi hela tiden brottas med. P\u00e5 ett arkiv ing\u00e5r aktiv samling, registrering och i b\u00e4sta fall digitalisering. Vi l\u00e5nar ut till andra institutioner och museer. Vi organiserar samlingen och g\u00f6r den s\u00f6kbar.<\/p>\n<p>F\u00d6RMEDLA Form, design, process och produkt \u00e4r ledord f\u00f6r insamlandet, och\u00a0sammanhanget i tid och rum prioriteras, men arbetsuppgifterna tar inte slut d\u00e4r. F\u00f6r att skapa f\u00f6rst\u00e5else f\u00f6r hur designhistorien sett ut \u00e4r det viktigt att m\u00f6ta m\u00e4nniskor utanf\u00f6r verksamheten. Pedagogiken p\u00e5 Designarkivet bedrivs till stor del genom visningar, workshops och f\u00f6rel\u00e4sningar. Studenter \u00e4r en viktig m\u00e5lgrupp f\u00f6r oss. Dels informerar vi om hur man kan anv\u00e4nda ett arkiv, dels ber\u00e4ttar vi om just v\u00e5r fantastiska samling. Designstudenter kan vara v\u00e5ra framtida forskare. Ett annat forum f\u00f6r att f\u00f6rmedla kunskap och upplevelser av samlingen \u00e4r genom utst\u00e4llningar. Varje \u00e5r producerar Designarkivet tillsammans med Kalmar konstmuseum utst\u00e4llningar d\u00e4r olika designteman behandlas, ofta\u00a0med ett kritiskt\/ideologiskt grepp.<\/p>\n<p>FORSKA Forskning \u00e4r en viktig del f\u00f6r att g\u00f6ra nya uppt\u00e4ckter i arkivmaterialet. P\u00e5 s\u00e5 s\u00e4tt skapas f\u00f6rdjupad kunskap som kan sprida ljus \u00f6ver Designarkivets samling, men ocks\u00e5 \u00f6ver designhistoria och designomr\u00e5det som helhet. Det historiska perspektivet \u00e4r en naturlig del av ett arkiv. Designarkivet arbetar utifr\u00e5n tanken\u00a0att historia \u00e4r en st\u00e4ndigt n\u00e4rvarande del av v\u00e5r samtid.\u00a0Nya och \u00e4ldre uttryck och v\u00e4rden existerar parallellt. F\u00f6rfluten tid p\u00e5verkar\u00a0nuet och formar framtiden. Designarkivets engagemang str\u00e4cker sig d\u00e4rf\u00f6r \u00e4ven till samtida fenomen och str\u00f6mningar p\u00e5 designomr\u00e5det. Vi ser det som viktigt att\u00a0vara \u00f6ppen f\u00f6r, och om m\u00f6jligt initiera,\u00a0forskningsprojekt i eller i relation till samlingen. Arbetet f\u00f6r \u00f6kad forskning sker b\u00e5de i den vardagliga verksamheten och genom samarbeten. Att arbeta med olika forskningsn\u00e4tverk \u00e4r en l\u00e5ngsiktig strategi f\u00f6r att \u00f6ka verksamheten i forskningsf\u00e4ltet.<\/p>\n<p>SAMARBETA En god relation mellan Designarkivet och formgivarna \u00e4r en f\u00f6ruts\u00e4ttning f\u00f6r att kunna samla material p\u00e5 ett kvalitativt s\u00e4tt. Tonvikten i den upps\u00f6kande\u00a0insamlingen bygger p\u00e5 det personliga m\u00f6tet,\u00a0f\u00f6r att skapa ett samarbete mellan designer och arkiv.\u00a0Om m\u00f6jligt intervjuas formgivarna s\u00e5 att den egna ber\u00e4ttelsen kan\u00a0komplettera samlingen. Designarkivet s\u00f6ker ocks\u00e5 samarbete med institutioner och personer d\u00e4r kunskap och intresse kring gemensamma teman kan finns. Projekt eller samverkan d\u00e4r traditionella fr\u00e5gest\u00e4llningar kan belysas p\u00e5 nya s\u00e4tt, \u00e4r av s\u00e4rskilt vikt f\u00f6r att g\u00f6ra kunskapen om designomr\u00e5det mer aktuell. Ett s\u00e5dant samarbete\u00a0utvecklas nu med\u00a0Glass Factory i Emmaboda kommun.<\/p>\n<p>Designarkivet \u00e4r en del av <a href=\"https:\/\/www.kalmarkonstmuseum.se\/om-kalmar-konstmuseum\/kalmar-konstforening\/\">Kalmar konstf\u00f6rening<\/a> och drivs med st\u00f6d av Region Kalmar l\u00e4n och Kulturr\u00e5det.<br \/>\n<a href=\"https:\/\/www.kalmarkonstmuseum.se\/designarkivet\/wp-content\/uploads\/sites\/4\/2022\/09\/region_kalmar_lan_kulturradet.png\"><img loading=\"lazy\" decoding=\"async\" class=\"aligncenter wp-image-1760 size-full\" src=\"https:\/\/www.kalmarkonstmuseum.se\/designarkivet\/wp-content\/uploads\/sites\/4\/2022\/09\/region_kalmar_lan_kulturradet.png\" alt=\"\" width=\"566\" height=\"104\" srcset=\"https:\/\/www.kalmarkonstmuseum.se\/designarkivet\/wp-content\/uploads\/sites\/4\/2022\/09\/region_kalmar_lan_kulturradet.png 566w, https:\/\/www.kalmarkonstmuseum.se\/designarkivet\/wp-content\/uploads\/sites\/4\/2022\/09\/region_kalmar_lan_kulturradet-300x55.png 300w\" sizes=\"auto, (max-width: 566px) 100vw, 566px\" \/><\/a><\/p>\n","protected":false},"excerpt":{"rendered":"<p>SAMLA OCH BEVARA Designarkivet arbetar f\u00f6r att samla och bevara material, som ger kunskap om designerns arbetsprocess genom historien. Det \u00e4r en nationell samling d\u00e4r fokus \u00e4r att utveckla samlingen, och utvidga kunskapen. Vilka kriterier ska vara grunden f\u00f6r ett [&hellip;]<\/p>\n","protected":false},"author":2,"featured_media":424,"parent":20,"menu_order":0,"comment_status":"closed","ping_status":"closed","template":"page-tpl-fullwidth.php","meta":{"_exactmetrics_skip_tracking":false,"_exactmetrics_sitenote_active":false,"_exactmetrics_sitenote_note":"","_exactmetrics_sitenote_category":0,"footnotes":""},"class_list":["post-61","page","type-page","status-publish","has-post-thumbnail","hentry"],"_links":{"self":[{"href":"https:\/\/www.kalmarkonstmuseum.se\/designarkivet\/wp-json\/wp\/v2\/pages\/61","targetHints":{"allow":["GET"]}}],"collection":[{"href":"https:\/\/www.kalmarkonstmuseum.se\/designarkivet\/wp-json\/wp\/v2\/pages"}],"about":[{"href":"https:\/\/www.kalmarkonstmuseum.se\/designarkivet\/wp-json\/wp\/v2\/types\/page"}],"author":[{"embeddable":true,"href":"https:\/\/www.kalmarkonstmuseum.se\/designarkivet\/wp-json\/wp\/v2\/users\/2"}],"replies":[{"embeddable":true,"href":"https:\/\/www.kalmarkonstmuseum.se\/designarkivet\/wp-json\/wp\/v2\/comments?post=61"}],"version-history":[{"count":1,"href":"https:\/\/www.kalmarkonstmuseum.se\/designarkivet\/wp-json\/wp\/v2\/pages\/61\/revisions"}],"predecessor-version":[{"id":1761,"href":"https:\/\/www.kalmarkonstmuseum.se\/designarkivet\/wp-json\/wp\/v2\/pages\/61\/revisions\/1761"}],"up":[{"embeddable":true,"href":"https:\/\/www.kalmarkonstmuseum.se\/designarkivet\/wp-json\/wp\/v2\/pages\/20"}],"wp:featuredmedia":[{"embeddable":true,"href":"https:\/\/www.kalmarkonstmuseum.se\/designarkivet\/wp-json\/wp\/v2\/media\/424"}],"wp:attachment":[{"href":"https:\/\/www.kalmarkonstmuseum.se\/designarkivet\/wp-json\/wp\/v2\/media?parent=61"}],"curies":[{"name":"wp","href":"https:\/\/api.w.org\/{rel}","templated":true}]}}