{"id":67,"date":"2014-09-12T11:39:02","date_gmt":"2014-09-12T09:39:02","guid":{"rendered":"http:\/\/www.kalmarkonstmuseum.se\/designarkivet\/?page_id=67"},"modified":"2024-09-19T10:58:21","modified_gmt":"2024-09-19T08:58:21","slug":"aktuella-projekt","status":"publish","type":"page","link":"https:\/\/www.kalmarkonstmuseum.se\/designarkivet\/projekt-samarbeten\/aktuella-projekt\/","title":{"rendered":"L\u00e4ra om arkivet"},"content":{"rendered":"<p><a href=\"https:\/\/laraomarkivet.se\"><em>L\u00e4ra om arkivet <\/em><\/a>\u00e4r ett tre\u00e5rigt utvecklingsprojekt som drevs av Designarkivet i samarbete med hantverks- och designhistoriker Christina Zetterlund 2021\u20132023.<\/p>\n<p>Att forma en h\u00e5llbar utveckling \u00e4r idag en akut fr\u00e5ga vilket g\u00f6r att vi m\u00e5ste ompr\u00f6va det befintliga och s\u00f6ka andra v\u00e4gar, \u00e4ven f\u00f6r design.<\/p>\n<p>Genom att skriva en annan designhistoria d\u00e4r vi f\u00f6rst\u00e5r historia p\u00e5 ett annat s\u00e4tt, skapar vi nya stigar till samtiden och kan h\u00e4r hitta fr\u00f6n till en h\u00e5llbar framtid.<\/p>\n<p>Vi formulerar en annan designhistoria som utg\u00e5r fr\u00e5n Sm\u00e5land, en plats d\u00e4r det finns m\u00e5nga fantastiska amat\u00f6rmuseer, hembygdsg\u00e5rdar och andra historiska n\u00e4tverk som ber\u00e4ttar om hur olika vardagar har formats och hur livet har gestaltats i bygderna.<\/p>\n<p>Vi fl\u00e4tar samman en m\u00e5ngfald av platser, ber\u00e4ttelser och perspektiv och skapar en brokig designhistoria. I projektet l\u00e4r vi om tillsammans med alla entusiaster i och utanf\u00f6r Sm\u00e5land \u2013 med unga, \u00e4ldre, designer, hantverkare, studenter, l\u00e4rare, forskare och m\u00e5nga fler.<\/p>\n<h5><span style=\"text-decoration: underline;\"><strong>2024<\/strong><\/span><\/h5>\n<h6><strong>SM\u00c5LAND SOM ETT POTENTIELLT DESIGNARKIV<br \/>\n<\/strong><\/h6>\n<p><span data-contrast=\"auto\">Uppt\u00e4ck och hitta till de mer s\u00e4llan omskrivna sm\u00e5l\u00e4ndska designhistorierna i gestaltningen <a href=\"https:\/\/www.kalmarkonstmuseum.se\/designarkivet\/smaland-som-ett-potentiellt-designarkiv\/\"><em>Sm\u00e5land som ett potentiellt designarkiv<\/em><\/a>! Tillsammans med Lisa Olausson, grafisk formgivare, har vi l\u00e5tit n\u00e5gra av de sm\u00e5l\u00e4ndska designhistoriska ber\u00e4ttelser vi l\u00e4rde k\u00e4nna under projektet L\u00e4ra <em>om<\/em> arkivet f\u00e5 ta fysisk form!<\/span><\/p>\n<h4>UTST\u00c4LLNINGAR<\/h4>\n<h5><span style=\"text-decoration: underline;\"><strong>2023<\/strong><\/span><\/h5>\n<h6><strong>H\u00c4R OMKRING<\/strong><\/h6>\n<p>13\/5\u201327\/8 2023, Designarkivet, Nybro<br \/>\n22\/11 2023\u201314\/1 2024, Form\/Design Center, Malm\u00f6<strong><br \/>\n<\/strong><\/p>\n<p>I utst\u00e4llningen <em><a href=\"https:\/\/laraomarkivet.se\/category\/projekt\/har-omkring\/\">H\u00e4r omkring<\/a> <\/em>stiger Designarkivet \u00e5t sidan och ger plats \u00e5t de sm\u00e5l\u00e4ndska ber\u00e4ttelser om design och hantverk som <em>inte<\/em> finns i arkivets samling. <em>H\u00e4r omkring<\/em> handlar om de m\u00e5nga olika hantverks- och designhistorier som finns h\u00e4r omkring i Sm\u00e5land. Utst\u00e4llningen ber\u00e4ttar om design och hantverk i en vid mening \u2013 om design och hantverk som handlar om att forma vardagar, design och hantverk som inte \u00e4r knutet till k\u00f6pkraft, produkter och abstrakta uppfattningar om fint och fult.<\/p>\n<h5><span style=\"text-decoration: underline;\"><strong>2022<\/strong><\/span><\/h5>\n<h6><strong>Hotel Al Rasheed och Orrefors \u2013 En ber\u00e4ttelse om ett fantastiskt hotell och spektakul\u00e4ra kristallkronor<br \/>\n<\/strong><\/h6>\n<p>13\/5\u201327\/8 2023, Designarkivet, Nybro<\/p>\n<p>I samband med sommarutst\u00e4llningen i Pukeberg visar Designarkivet utst\u00e4llningen <em><a href=\"https:\/\/laraomarkivet.se\/category\/platser\/hotel-al-rasheed\/\">Hotel Al Rasheed och Orrefors \u2013 en ber\u00e4ttelse om ett fantastiskt hotell och spektakul\u00e4ra kristallkronor<\/a>. <\/em>I utst\u00e4llningen uppm\u00e4rksammas ett stycke oskriven sm\u00e5l\u00e4ndsk-irakisk designhistoria \u2013 en historia om design av yppersta kvalitet, v\u00e4rldspolitik och krig.<\/p>\n<h4>RESIDENSVERKSAMHET &amp; PROJEKT<\/h4>\n<h5><strong><span style=\"text-decoration: underline;\">2023<\/span><\/strong><\/h5>\n<h6><strong>Om g\u00e4stfrihet<br \/>\n<\/strong><\/h6>\n<p>I videoverket <em>Om g\u00e4stfrihet<\/em> av Magnus B\u00e4rt\u00e5s och Behzad Khosravi Noori utf\u00f6rs ett experiment som skulle kunna kallas nekromanti: en d\u00f6d m\u00e4nniska f\u00f6rm\u00e5s tala till oss levande om det f\u00f6rg\u00e5ngna. I verket m\u00f6ter vi Layla Al-Attar (1944\u20131993), en irakisk konstn\u00e4r som talar om Hotel Al Rasheed och om vad det inneb\u00e4r att vara en g\u00e4st hos makten. Videoverket producerades i samband med utst\u00e4llningen <a href=\"https:\/\/www.kalmarkonstmuseum.se\/designarkivet\/har-omkring-en-utstallning-om-lokala-och-globala-designhistorier-fran-smaland\/\"><em>H\u00e4r omkring<\/em><\/a> (2023).<\/p>\n<h6><strong>BR\u00c4V<\/strong><\/h6>\n<p>Textilformgivaren Rosa Tolnov Clausen och konsthistorikern Daniele Burlando \u00e4r i sitt projekt nyfikna p\u00e5 <a href=\"https:\/\/laraomarkivet.se\/category\/projekt\/vavstugor-i-smaland\/\">v\u00e4vstugor i Sm\u00e5land<\/a>. Ur projektet har <em>Br\u00e4v<\/em> kommit till. <em>Br\u00e4v <\/em>\u00e4r ett f\u00f6rslag till en sj\u00e4lvst\u00e4ndig kvartalsvis utkommande tidskrift. Namnet kommer fr\u00e5n en sammanslagning av \u201dbrev\u201d och \u201dv\u00e4v\u201d vilket b\u00e5de ber\u00e4ttar om tidskriftens format \u2013 en sida, ett brev \u2013 liksom att dess inneh\u00e5ll handlar om kulturer kring v\u00e4vning och v\u00e4vstugan. I samarbete med Kalmar konstmuseums residensprogram <a href=\"https:\/\/www.kalmarkonstmuseum.se\/bodycake-vart-residensprogram\/\">Bodycake<\/a><strong>.<\/strong><\/p>\n<h5><span style=\"text-decoration: underline;\"><strong>2022<\/strong><\/span><\/h5>\n<h6><strong>KOPPARS GEOGRAFI<\/strong><\/h6>\n<p>I projektet <a href=\"https:\/\/laraomarkivet.se\/nyheter\/koppars-geografi-residensprojekt-av-makda-embaie\/\"><em>Koppars geografi <\/em><\/a>unders\u00f6ker konstn\u00e4ren och poeten Makda Embaie vad kopparna i v\u00e5ra sk\u00e5p kan ber\u00e4tta f\u00f6r oss. N\u00e4r anv\u00e4ndes kopparna och hur hamnade de d\u00e4r? Vilka var de m\u00e4nniskor som s\u00e5lde serviser, men ocks\u00e5 tavlor genom att knacka d\u00f6rr? I samarbete med Kalmar konstmuseums residensprogram <a href=\"https:\/\/www.kalmarkonstmuseum.se\/bodycake-vart-residensprogram\/\">Bodycake<\/a><strong><span style=\"text-decoration: underline;\">.<br \/>\n<\/span><\/strong><\/p>\n<h6><strong>V\u00c4VSTUGOR I SM\u00c5LAND<\/strong><\/h6>\n<p>Textilformgivaren Rosa Tolnov Clausen och konsthistorikern Daniele Burlando \u00e4r i sitt projekt nyfikna p\u00e5 <a href=\"https:\/\/laraomarkivet.se\/category\/projekt\/vavstugor-i-smaland\/\">v\u00e4vstugor i Sm\u00e5land<\/a>. Genom att bes\u00f6ka v\u00e4vstugor och alla de som v\u00e4ver h\u00e4r vill de samla in och kommunicera alternativa, outtalade eller nedprioriterade historier samt reflektera \u00f6ver framtiden. Under 2023 forts\u00e4tter de med del tv\u00e5 i projektet. I samarbete med Kalmar konstmuseums residensprogram <a href=\"https:\/\/www.kalmarkonstmuseum.se\/bodycake-vart-residensprogram\/\">Bodycake<\/a><strong>.<\/strong><\/p>\n<h6><strong>STUDIO GOJA: GALON BARNREDAKTION<\/strong><\/h6>\n<p>Marthe Roosenboom och Ida Liffner fr\u00e5n <a href=\"https:\/\/studiogoja.se\/\">Studio Goja<\/a> bildade redaktion tillsammans med barn och vuxna fr\u00e5n S\u00f6derm\u00f6re i projektet <a href=\"https:\/\/laraomarkivet.se\/category\/projekt\/galon-barnredaktion\/\">GALON BARNEDAKTION<\/a>. Tillsammans unders\u00f6kte de tidskriften som format och kartlade barnens platser och perspektiv. I samarbete med Kalmar konstmuseums residensprogram <a href=\"https:\/\/www.kalmarkonstmuseum.se\/bodycake-vart-residensprogram\/\">Bodycake<\/a><strong>.<\/strong><\/p>\n<h5><strong><span style=\"text-decoration: underline;\">2021<\/span><\/strong><\/h5>\n<h6><strong>Tack skogen 2.0<br \/>\n<\/strong><\/h6>\n<p>Fr\u00e5n erfarenheter av att arbeta med virke de sj\u00e4lva h\u00e4mtat i skogen, virke som i m\u00e5nga fall skulle klassas som skadat tr\u00e4, kommer projektet <a href=\"https:\/\/laraomarkivet.se\/category\/projekt\/tack-skogen-2-0\/\"><em>Tack skogen 2.0.<\/em><\/a> M\u00f6belsnickaren Marie Carlsson och m\u00f6belkonservatorn Magdalena Marano i <a href=\"https:\/\/www.madamsnickeri.se\/\">MADAM snickeri &amp; m\u00f6belrestaurering<\/a> tog under projektet vara p\u00e5 tr\u00e4industrins bortsorterade virke och skapade tr\u00e4m\u00f6bler d\u00e4r tr\u00e4ets skador var i fokus. Projektet drevs i samarbete med\u00a0 Artist in Residence Linn\u00e9universitetet, Virserums konsthall, och <em>L\u00e4ra om arkivet<\/em> och mynnade i utst\u00e4llningen <em>Skogstokig<\/em> som visades p\u00e5 Virserums konsthall 2022.<\/p>\n<h6><strong>EVELINA MOHEI<\/strong><\/h6>\n<p><a href=\"http:\/\/evelinamohei.se\/\">Evelina Mohei<\/a>, grafisk formgivare och illustrat\u00f6r, bj\u00f6ds in att arbeta med <em>L\u00e4ra om arkivets<\/em> <a href=\"https:\/\/laraomarkivet.se\/category\/projekt\/lara-om-arkivet\/\">grafiska form<\/a>. Under sin vistelse spenderade hon tv\u00e5 veckor p\u00e5 <a href=\"https:\/\/laraomarkivet.se\/category\/platser\/lessebo-handpappersbruk\/\">Lessebo handpappersbruk<\/a> och formgav <em>L\u00e4ra om arkivets\u00a0<\/em><a href=\"https:\/\/laraomarkivet.se\/karta\/\">interaktiva karta<\/a>. I samarbete med Kalmar konstmuseums residensprogram <a href=\"https:\/\/www.kalmarkonstmuseum.se\/bodycake-vart-residensprogram\/\">Bodycake<\/a><strong>.<\/strong><\/p>\n<p>&nbsp;<\/p>\n<p>L\u00e4s om projektet p\u00e5 <a href=\"http:\/\/laraomarkivet.se\/\">laraomarkivet.se<\/a> samt p\u00e5 <a href=\"https:\/\/www.instagram.com\/laraomarkivet\/\">Instagram<\/a> och <a href=\"https:\/\/www.facebook.com\/Laraomarkivet\">Facebook<\/a>.<\/p>\n","protected":false},"excerpt":{"rendered":"<p>Inom ramen f\u00f6r det tre\u00e5riga utvecklingsprojektet <i>L\u00e4ra om arkivet<\/i> har Designarkivet fl\u00e4tat samman en m\u00e5ngfald av platser, ber\u00e4ttelser och perspektiv och skapat en brokig designhistoria med utg\u00e5ngspunkt i Sm\u00e5land.<\/p>\n","protected":false},"author":2,"featured_media":1621,"parent":18,"menu_order":0,"comment_status":"closed","ping_status":"closed","template":"","meta":{"_exactmetrics_skip_tracking":false,"_exactmetrics_sitenote_active":false,"_exactmetrics_sitenote_note":"","_exactmetrics_sitenote_category":0,"footnotes":""},"class_list":["post-67","page","type-page","status-publish","has-post-thumbnail","hentry"],"_links":{"self":[{"href":"https:\/\/www.kalmarkonstmuseum.se\/designarkivet\/wp-json\/wp\/v2\/pages\/67","targetHints":{"allow":["GET"]}}],"collection":[{"href":"https:\/\/www.kalmarkonstmuseum.se\/designarkivet\/wp-json\/wp\/v2\/pages"}],"about":[{"href":"https:\/\/www.kalmarkonstmuseum.se\/designarkivet\/wp-json\/wp\/v2\/types\/page"}],"author":[{"embeddable":true,"href":"https:\/\/www.kalmarkonstmuseum.se\/designarkivet\/wp-json\/wp\/v2\/users\/2"}],"replies":[{"embeddable":true,"href":"https:\/\/www.kalmarkonstmuseum.se\/designarkivet\/wp-json\/wp\/v2\/comments?post=67"}],"version-history":[{"count":12,"href":"https:\/\/www.kalmarkonstmuseum.se\/designarkivet\/wp-json\/wp\/v2\/pages\/67\/revisions"}],"predecessor-version":[{"id":2327,"href":"https:\/\/www.kalmarkonstmuseum.se\/designarkivet\/wp-json\/wp\/v2\/pages\/67\/revisions\/2327"}],"up":[{"embeddable":true,"href":"https:\/\/www.kalmarkonstmuseum.se\/designarkivet\/wp-json\/wp\/v2\/pages\/18"}],"wp:featuredmedia":[{"embeddable":true,"href":"https:\/\/www.kalmarkonstmuseum.se\/designarkivet\/wp-json\/wp\/v2\/media\/1621"}],"wp:attachment":[{"href":"https:\/\/www.kalmarkonstmuseum.se\/designarkivet\/wp-json\/wp\/v2\/media?parent=67"}],"curies":[{"name":"wp","href":"https:\/\/api.w.org\/{rel}","templated":true}]}}