{"id":95,"date":"2014-09-12T11:48:37","date_gmt":"2014-09-12T09:48:37","guid":{"rendered":"http:\/\/www.kalmarkonstmuseum.se\/designarkivet\/?page_id=95"},"modified":"2015-11-09T15:19:45","modified_gmt":"2015-11-09T14:19:45","slug":"reform-glasriket","status":"publish","type":"page","link":"https:\/\/www.kalmarkonstmuseum.se\/designarkivet\/projekt-samarbeten\/reform-glasriket\/","title":{"rendered":"Reform Glasriket"},"content":{"rendered":"<p>&nbsp;<\/p>\n<p>Projektet\u00a0genomf\u00f6rdes under 2013 med finansiering fr\u00e5n Vinnova.<\/p>\n<p>Det inneh\u00f6ll ett endagarsseminarium samt skriften Reform Glasriket. \u00a0Tre f\u00f6rfattare\/f\u00f6rel\u00e4sare tog upp och behandlade grundl\u00e4ggande fr\u00e5gor r\u00f6rande Glasrikets framtid i en kritisk kontext. Projektets grundsats var att g\u00e5 vidare fr\u00e5n en stagnerande debatt kring utvecklingen av glasindustrin. Designarkivets ambition var att sl\u00e4ppa in de fr\u00e5gest\u00e4llningar som slentrianm\u00e4ssigt undveks d\u00e4r.<\/p>\n<p>Utg\u00e5ngspunkten var att Glasrikets utveckling skulle kunna ses genom perspektivet av en inledande designprocess. H\u00e4r l\u00e5g projektets tonvikt. Det innebar att ringa in vilka behov som beh\u00f6vde m\u00f6tas och varf\u00f6r. F\u00f6rst genom att st\u00e4lla de obekv\u00e4ma fr\u00e5gorna. Ett 70-tal deltagare m\u00f6ttes i Orrefors f\u00f6r f\u00f6rel\u00e4sningar och workshop. Diskussionen var m\u00e5ngfacetterad och v\u00e4lkomnades av m\u00e5nga.<\/p>\n<p>Som oberoende akt\u00f6r hade vi m\u00f6jligheten att tillhandah\u00e5lla arenan f\u00f6r en debatt d\u00e4r f\u00f6rsta steget togs f\u00f6r att en h\u00e5llbar utvecklingsprocess i Glasriket.<\/p>\n<p><a href=\"http:\/\/www.kalmarkonstmuseum.se\/designarkivet\/wp-content\/uploads\/sites\/4\/2015\/10\/ReformGlasriket-review.pdf\">Rapport <\/a>\u203a<\/p>\n<p>BILD: Bertil Vallien, skiss till bottendekor f\u00f6r glasobjekt <em>Accent<\/em>, DA-034227<\/p>\n","protected":false},"excerpt":{"rendered":"<p>&nbsp; Projektet\u00a0genomf\u00f6rdes under 2013 med finansiering fr\u00e5n Vinnova. Det inneh\u00f6ll ett endagarsseminarium samt skriften Reform Glasriket. \u00a0Tre f\u00f6rfattare\/f\u00f6rel\u00e4sare tog upp och behandlade grundl\u00e4ggande fr\u00e5gor r\u00f6rande Glasrikets framtid i en kritisk kontext. Projektets grundsats var att g\u00e5 vidare fr\u00e5n en stagnerande [&hellip;]<\/p>\n","protected":false},"author":2,"featured_media":1173,"parent":18,"menu_order":0,"comment_status":"closed","ping_status":"closed","template":"page-tpl-fullwidth.php","meta":{"_exactmetrics_skip_tracking":false,"_exactmetrics_sitenote_active":false,"_exactmetrics_sitenote_note":"","_exactmetrics_sitenote_category":0,"footnotes":""},"class_list":["post-95","page","type-page","status-publish","has-post-thumbnail","hentry"],"_links":{"self":[{"href":"https:\/\/www.kalmarkonstmuseum.se\/designarkivet\/wp-json\/wp\/v2\/pages\/95","targetHints":{"allow":["GET"]}}],"collection":[{"href":"https:\/\/www.kalmarkonstmuseum.se\/designarkivet\/wp-json\/wp\/v2\/pages"}],"about":[{"href":"https:\/\/www.kalmarkonstmuseum.se\/designarkivet\/wp-json\/wp\/v2\/types\/page"}],"author":[{"embeddable":true,"href":"https:\/\/www.kalmarkonstmuseum.se\/designarkivet\/wp-json\/wp\/v2\/users\/2"}],"replies":[{"embeddable":true,"href":"https:\/\/www.kalmarkonstmuseum.se\/designarkivet\/wp-json\/wp\/v2\/comments?post=95"}],"version-history":[{"count":0,"href":"https:\/\/www.kalmarkonstmuseum.se\/designarkivet\/wp-json\/wp\/v2\/pages\/95\/revisions"}],"up":[{"embeddable":true,"href":"https:\/\/www.kalmarkonstmuseum.se\/designarkivet\/wp-json\/wp\/v2\/pages\/18"}],"wp:featuredmedia":[{"embeddable":true,"href":"https:\/\/www.kalmarkonstmuseum.se\/designarkivet\/wp-json\/wp\/v2\/media\/1173"}],"wp:attachment":[{"href":"https:\/\/www.kalmarkonstmuseum.se\/designarkivet\/wp-json\/wp\/v2\/media?parent=95"}],"curies":[{"name":"wp","href":"https:\/\/api.w.org\/{rel}","templated":true}]}}